{"id":794,"date":"2022-01-14T10:15:54","date_gmt":"2022-01-14T09:15:54","guid":{"rendered":"https:\/\/simone-schneider-med.de\/fas\/?page_id=794"},"modified":"2023-05-08T09:27:13","modified_gmt":"2023-05-08T08:27:13","slug":"home","status":"publish","type":"page","link":"https:\/\/simone-schneider-med.de\/fas\/","title":{"rendered":"Home"},"content":{"rendered":"<section class=\"wpb-content-wrapper\"><p>[vc_row full_width=&#8220;stretch_row&#8220;][vc_column][rev_slider_vc alias=&#8220;home-3-11&#8243;][\/vc_column][\/vc_row][vc_row full_width=&#8220;stretch_row&#8220; hide_bg_image_on_tablet=&#8220;&#8220; hide_bg_image_on_mobile=&#8220;&#8220; css=&#8220;.vc_custom_1679246486114{background-color: #f7f3ea !important;}&#8220;][vc_column width=&#8220;1\/2&#8243;][vc_empty_space height=&#8220;100px&#8220; alter_height=&#8220;none&#8220; hide_on_desktop=&#8220;&#8220; hide_on_notebook=&#8220;&#8220; hide_on_tablet=&#8220;&#8220; hide_on_mobile=&#8220;1&#8243; css=&#8220;.vc_custom_1679258583944{margin-top: 8px !important;}&#8220;][vc_empty_space height=&#8220;20px&#8220; alter_height=&#8220;none&#8220; hide_on_desktop=&#8220;1&#8243; hide_on_notebook=&#8220;1&#8243; hide_on_tablet=&#8220;&#8220; hide_on_mobile=&#8220;&#8220; css=&#8220;.vc_custom_1682833535289{margin-top: 8px !important;}&#8220;]<div id=\"sc_title_706150525\"\r\n\t\tclass=\"sc_title color_style_default sc_title_default\"><h6 class=\"sc_item_subtitle sc_title_subtitle sc_align_left sc_item_title_style_default\">Fach\u00e4rztin f\u00fcr Allgemeinmedizin<\/h6><h3 class=\"sc_item_title sc_title_title sc_align_left sc_item_title_style_default\">Simone Schneider<\/h3><\/div><!-- \/.sc_title -->[vc_empty_space height=&#8220;5px&#8220; alter_height=&#8220;small&#8220; hide_on_desktop=&#8220;&#8220; hide_on_notebook=&#8220;&#8220; hide_on_tablet=&#8220;&#8220; hide_on_mobile=&#8220;&#8220; css=&#8220;.vc_custom_1679258300716{margin-top: 8px !important;}&#8220;][vc_row_inner][vc_column_inner][vc_column_text]<strong>Herzlich Willkommen <\/strong>in unserer ganzheitlich orientierten, allgemeinmedizinischen Praxis in der Luitpoldstra\u00dfe!<\/p>\n<p>Wir freuen uns \u00fcber Ihr Interesse und auf Ihren Besuch bei uns. Neben umfassender Beratung und Betreuung bieten wir viele diagnostische M\u00f6glichkeiten direkt vor Ort. Unser Service beinhaltet weit gef\u00e4cherte \u00d6ffnungszeiten, barrierefreien Praxiszugang, eigene Parkpl\u00e4tze, individuelle Behandlungstermine sowie Hausbesuche.[\/vc_column_text][vc_empty_space height=&#8220;5px&#8220; alter_height=&#8220;small&#8220; hide_on_desktop=&#8220;&#8220; hide_on_notebook=&#8220;&#8220; hide_on_tablet=&#8220;&#8220; hide_on_mobile=&#8220;&#8220; css=&#8220;.vc_custom_1644234067443{margin-top: 8px !important;}&#8220;]<div id=\"sc_title_1303784822\"\r\n\t\tclass=\"sc_title color_style_default sc_title_default\"><h6 class=\"sc_item_subtitle sc_title_subtitle sc_align_left sc_item_title_style_default\">Rahmensprechzeiten<\/h6><\/div><!-- \/.sc_title -->[vc_empty_space height=&#8220;5px&#8220; alter_height=&#8220;none&#8220; hide_on_desktop=&#8220;&#8220; hide_on_notebook=&#8220;&#8220; hide_on_tablet=&#8220;&#8220; hide_on_mobile=&#8220;&#8220; css=&#8220;.vc_custom_1679217059103{margin-top: 8px !important;}&#8220;]<div id=\"sc_table_1184026697_wrap\" class=\"sc_table_wrap\"><div id=\"sc_table_1184026697\"\r\n\t\t\tclass=\"sc_table sc_table_default\" style=\"width:100%;\">[vc_column_text]<strong>Montag bis Freitag<\/strong><\/p>\n<p>7:00 bis 12:00 Uhr nach Vereinbarung<\/p>\n<p><strong>Montag und Donnerstag<\/strong><\/p>\n<p>17:00 bis 19:00 Uhr nach Vereinbarung<\/p>\n<p><strong>Montag bis Donnerstag<\/strong><\/p>\n<p>13:00 bis 14:00 Uhr Bestell-Hotline[\/vc_column_text]<\/div><\/div><!-- \/.sc_table_wrap -->[vc_empty_space height=&#8220;15px&#8220; alter_height=&#8220;none&#8220; hide_on_desktop=&#8220;&#8220; hide_on_notebook=&#8220;&#8220; hide_on_tablet=&#8220;&#8220; hide_on_mobile=&#8220;&#8220; css=&#8220;.vc_custom_1679263647940{margin-top: 8px !important;}&#8220;][vc_column_text]Wir sind stets um kurze Wartezeiten und einen geregelten Praxisablauf bem\u00fcht. Bitte unterst\u00fctzen Sie unsere Anstrengungen, indem Sie <strong>immer<\/strong> einen Behandlungstermin vereinbaren. Je nach Anliegen erhalten Sie Ihren Termin nach medizinischer Dringlichkeit und in individueller Terminl\u00e4nge f\u00fcr den entsprechenden Funktionsbereich. Damit ist es uns m\u00f6glich, verschiedenen Behandlungsanl\u00e4ssen gleichzeitig unsere Aufmerksamkeit zu widmen. Vereinbarte Termine k\u00f6nnen dabei auch au\u00dferhalb der oben angef\u00fchrten Rahmensprechzeiten liegen.<\/p>\n<p>Sollten Sie einen Termin nicht wahrnehmen k\u00f6nnen, bitten wir freundlichst um Terminabsage &#8211; andere Patienten werden es Ihnen danken![\/vc_column_text][\/vc_column_inner][\/vc_row_inner][vc_empty_space height=&#8220;50px&#8220; alter_height=&#8220;none&#8220; hide_on_desktop=&#8220;&#8220; hide_on_notebook=&#8220;&#8220; hide_on_tablet=&#8220;&#8220; hide_on_mobile=&#8220;&#8220; css=&#8220;.vc_custom_1673190746960{margin-top: 8px !important;}&#8220;][\/vc_column][vc_column width=&#8220;1\/2&#8243;][vc_empty_space height=&#8220;160px&#8220; alter_height=&#8220;none&#8220; hide_on_desktop=&#8220;&#8220; hide_on_notebook=&#8220;&#8220; hide_on_tablet=&#8220;&#8220; hide_on_mobile=&#8220;1&#8243; css=&#8220;.vc_custom_1679258322567{margin-top: 8px !important;}&#8220;][vc_single_image image=&#8220;1444&#8243; img_size=&#8220;full&#8220;][vc_empty_space height=&#8220;10px&#8220; alter_height=&#8220;none&#8220; hide_on_desktop=&#8220;&#8220; hide_on_notebook=&#8220;&#8220; hide_on_tablet=&#8220;&#8220; hide_on_mobile=&#8220;&#8220; css=&#8220;.vc_custom_1679219531928{margin-top: 8px !important;}&#8220;]<div id=\"sc_title_1176619233\"\r\n\t\tclass=\"sc_title color_style_default sc_title_default\"><h6 class=\"sc_item_subtitle sc_title_subtitle sc_align_left sc_item_title_style_default\">Vita<\/h6><\/div><!-- \/.sc_title -->[vc_column_text]<\/p>\n<ul>\n<li>Studium Humanmedizin RWTH Aachen 1984-1991<\/li>\n<li>Uniklinik K\u00f6ln Abt. Stereotaxie und funktionale Neurochirurgie 1992-1996<\/li>\n<li>Klinikum Kulmbach 1998-2000<\/li>\n<li>Hausarztpraxis Dr. Hofstetter Rugendorf 2000-2001<\/li>\n<li>Haus\u00e4rztliche Niederlassung seit 2002<\/li>\n<\/ul>\n<p><strong>Zusatzqualifikationen: <\/strong>Ern\u00e4hrungsmedizin, Chirotherapie, Osteopathie und Hypnose[\/vc_column_text][vc_empty_space height=&#8220;20px&#8220; alter_height=&#8220;none&#8220; hide_on_desktop=&#8220;&#8220; hide_on_notebook=&#8220;&#8220; hide_on_tablet=&#8220;&#8220; hide_on_mobile=&#8220;&#8220; css=&#8220;.vc_custom_1679246636839{margin-top: 8px !important;}&#8220;][\/vc_column][\/vc_row][vc_row][vc_column][vc_empty_space height=&#8220;30px&#8220; alter_height=&#8220;none&#8220; hide_on_desktop=&#8220;&#8220; hide_on_notebook=&#8220;&#8220; hide_on_tablet=&#8220;&#8220; hide_on_mobile=&#8220;&#8220; css=&#8220;.vc_custom_1679247806032{margin-top: 8px !important;}&#8220;]<div id=\"sc_title_1417645582\"\r\n\t\tclass=\"sc_title color_style_default sc_title_default\"><h6 class=\"sc_item_subtitle sc_title_subtitle sc_align_center sc_item_title_style_default\">Wie lieben unsere Arbeit<\/h6><h3 class=\"sc_item_title sc_title_title sc_align_center sc_item_title_style_default\">Praxis-Philosophie<\/h3><\/div><!-- \/.sc_title -->[vc_empty_space height=&#8220;50px&#8220; alter_height=&#8220;small&#8220; hide_on_desktop=&#8220;&#8220; hide_on_notebook=&#8220;&#8220; hide_on_tablet=&#8220;&#8220; hide_on_mobile=&#8220;&#8220; css=&#8220;.vc_custom_1673207774851{margin-top: 8px !important;}&#8220;][vc_column_text]<\/p>\n<p style=\"text-align: left;\">Wir f\u00fchren eine haus\u00e4rztliche Praxis mit einem breiten diagnostischen und therapeutischen Leistungsspektrum. Durch hohe Qualit\u00e4t unserer Arbeit, st\u00e4ndige Fortbildung und Weiterentwicklung sowie Flexibilit\u00e4t sind wir unseren Patienten ein zuverl\u00e4ssiger Partner.<\/p>\n<p style=\"text-align: left;\">Die Bed\u00fcrfnisse und Erwartungen unserer Patienten sind Orientierung und Ma\u00dfstab f\u00fcr unser Handeln.<\/p>\n<p style=\"text-align: left;\">Wir streben eine hohe Patientenzufriedenheit an mit dem Menschen im Mittelpunkt. Wir verstehen uns als Begleiter und Lotsen, wobei wir gr\u00f6\u00dften Wert auf eine offene Kommunikation und umfassende Patienteninformation im Sinne einer partnerschaftlichen Arzt-Patientenbeziehung legen.<\/p>\n<p style=\"text-align: left;\">Im Interesse unserer Patienten pflegen wir eine kollegiale Zusammenarbeit mit Fach\u00e4rzten und Kliniken.<\/p>\n<p>[\/vc_column_text][vc_empty_space height=&#8220;30px&#8220; hide_on_desktop=&#8220;&#8220; hide_on_notebook=&#8220;&#8220; hide_on_tablet=&#8220;&#8220; hide_on_mobile=&#8220;&#8220; css=&#8220;.vc_custom_1679246667892{margin-top: 3.35rem !important;}&#8220;][\/vc_column][\/vc_row][vc_row full_width=&#8220;stretch_row&#8220; el_id=&#8220;news&#8220; css=&#8220;.vc_custom_1679246577440{background-color: #f7f3ea !important;}&#8220;][vc_column][vc_empty_space height=&#8220;10px&#8220; alter_height=&#8220;none&#8220; hide_on_desktop=&#8220;&#8220; hide_on_notebook=&#8220;&#8220; hide_on_tablet=&#8220;&#8220; hide_on_mobile=&#8220;&#8220; css=&#8220;.vc_custom_1679246826630{margin-top: 3.35rem !important;}&#8220;]<div id=\"sc_title_689132469\"\r\n\t\tclass=\"sc_title color_style_default sc_title_default\"><h6 class=\"sc_item_subtitle sc_title_subtitle sc_align_center sc_item_title_style_default\">Bleiben Sie informiert<\/h6><h3 class=\"sc_item_title sc_title_title sc_align_center sc_item_title_style_default\">Aktuelles & Wissenswertes<\/h3><\/div><!-- \/.sc_title -->[vc_empty_space height=&#8220;30px&#8220; alter_height=&#8220;none&#8220; hide_on_desktop=&#8220;&#8220; hide_on_notebook=&#8220;&#8220; hide_on_tablet=&#8220;&#8220; hide_on_mobile=&#8220;&#8220; css=&#8220;.vc_custom_1673190928517{margin-top: 0.2rem !important;}&#8220;][vc_column_text]Hier finden Sie aktuelle Information, die unseren Praxisbetrieb betreffen. Sollten Sie zu einzelnen Beitr\u00e4gen Fragen haben, stehen wir selbstverst\u00e4ndlich Rede und Antwort.[\/vc_column_text][vc_empty_space height=&#8220;40px&#8220; alter_height=&#8220;none&#8220; hide_on_desktop=&#8220;&#8220; hide_on_notebook=&#8220;&#8220; hide_on_tablet=&#8220;&#8220; hide_on_mobile=&#8220;&#8220; css=&#8220;.vc_custom_1682753283316{margin-top: 0.2rem !important;}&#8220;]<div id=\"widget_recent_news_834831364\" class=\"sc_recent_news sc_recent_news_style_news-magazine sc_recent_news_with_accented\"><div class=\"sc_recent_news_columns_wrap trx_addons_columns_wrap\"><div class=\"trx_addons_column-1_2\"><article \n\tclass=\"post_item post_layout_news-magazine post_format_standard post_accented_on post-1894 post type-post status-publish format-standard has-post-thumbnail hentry category-uncategorized\"\t\t>\n\n\t<div class=\"post_featured with_thumb hover_dots\"><img width=\"370\" height=\"208\" src=\"https:\/\/simone-schneider-med.de\/fas\/wp-content\/uploads\/2025\/12\/Snowman2025-370x208.jpg\" class=\"attachment-avicenna-thumb-med size-avicenna-thumb-med wp-post-image\" alt=\"\" loading=\"lazy\" srcset=\"https:\/\/simone-schneider-med.de\/fas\/wp-content\/uploads\/2025\/12\/Snowman2025-370x208.jpg 370w, https:\/\/simone-schneider-med.de\/fas\/wp-content\/uploads\/2025\/12\/Snowman2025-270x152.jpg 270w, https:\/\/simone-schneider-med.de\/fas\/wp-content\/uploads\/2025\/12\/Snowman2025-540x304.jpg 540w\" sizes=\"(max-width: 370px) 100vw, 370px\" \/><div class=\"mask\"><\/div><a href=\"https:\/\/simone-schneider-med.de\/fas\/winterurlaub2025\/\" aria-hidden=\"true\" class=\"icons\"><span><\/span><span><\/span><span><\/span><\/a><\/div>\t\t<div class=\"post_header entry-header\">\n\t\t\t<h5 class=\"post_title entry-title\"><a href=\"https:\/\/simone-schneider-med.de\/fas\/winterurlaub2025\/\" rel=\"bookmark\">Winterurlaub 22.12. bis 06.01.2026<\/a><\/h5><div class=\"post_meta\"><span class=\"post_date\"><a href=\"https:\/\/simone-schneider-med.de\/fas\/winterurlaub2025\/\">1. Dezember 2025<\/a><\/span><span class=\"post_author\">by <span>Simone Schneider<\/span><\/span><\/div>\t\t<\/div><!-- .entry-header -->\n\t\t\t\n\t\t<div class=\"post_content entry-content\">\n\t\t\t<p>Liebe Patientinnen, liebe Patienten, wir m\u00f6chten Sie darauf hinweisen, dass unsere Praxis vom 22.12. bis 06.01.2026 auf Grund unseres Winterurlaubs geschlossen bleibt...<\/p>\n\t\t<\/div><!-- .entry-content -->\n\t\n\t\t<div class=\"post_footer entry-footer\">\n\t\t\t<div class=\"post_counters\"> <a href=\"https:\/\/simone-schneider-med.de\/fas\/winterurlaub2025\/\" class=\"post_counters_item post_counters_views trx_addons_icon-eye\"><span class=\"post_counters_number\">3226<\/span><span class=\"post_counters_label\">Ansichten<\/span><\/a>  <a href=\"https:\/\/simone-schneider-med.de\/fas\/winterurlaub2025\/#respond\" class=\"post_counters_item post_counters_comments trx_addons_icon-comment\"><span class=\"post_counters_number\">0<\/span><span class=\"post_counters_label\">Comments<\/span><\/a> <\/div>\t\t<\/div><!-- .entry-footer -->\n\t\t<\/article><\/div><div class=\"trx_addons_column-1_2\"><article \n\tclass=\"post_item post_layout_news-magazine post_format_standard post_accented_off post-1908 post type-post status-publish format-standard has-post-thumbnail hentry category-uncategorized\"\t\t>\n\n\t<div class=\"post_featured with_thumb hover_dots\"><img width=\"280\" height=\"160\" src=\"https:\/\/simone-schneider-med.de\/fas\/wp-content\/uploads\/2025\/05\/Sommerurlaub2025_SimoneSchneider-1-280x160.jpg\" class=\"attachment-avicenna-thumb-magazine size-avicenna-thumb-magazine wp-post-image\" alt=\"\" loading=\"lazy\" srcset=\"https:\/\/simone-schneider-med.de\/fas\/wp-content\/uploads\/2025\/05\/Sommerurlaub2025_SimoneSchneider-1-280x160.jpg 280w, https:\/\/simone-schneider-med.de\/fas\/wp-content\/uploads\/2025\/05\/Sommerurlaub2025_SimoneSchneider-1-560x320.jpg 560w\" sizes=\"(max-width: 280px) 100vw, 280px\" \/><div class=\"mask\"><\/div><a href=\"https:\/\/simone-schneider-med.de\/fas\/sommerurlaub2025-2\/\" aria-hidden=\"true\" class=\"icons\"><span><\/span><span><\/span><span><\/span><\/a><\/div>\t\t<div class=\"post_header entry-header\">\n\t\t\t<h6 class=\"post_title entry-title\"><a href=\"https:\/\/simone-schneider-med.de\/fas\/sommerurlaub2025-2\/\" rel=\"bookmark\">Sommerurlaub 25.08. bis 12.09.2025<\/a><\/h6><div class=\"post_meta\"><span class=\"post_date\"><a href=\"https:\/\/simone-schneider-med.de\/fas\/sommerurlaub2025-2\/\">23. Juli 2025<\/a><\/span><span class=\"post_author\">by <span>Simone Schneider<\/span><\/span><\/div>\t\t<\/div><!-- .entry-header -->\n\t\t<\/article><article \n\tclass=\"post_item post_layout_news-magazine post_format_standard post_accented_off post-1897 post type-post status-publish format-standard has-post-thumbnail hentry category-uncategorized\"\t\t>\n\n\t<div class=\"post_featured with_thumb hover_dots\"><img width=\"280\" height=\"160\" src=\"https:\/\/simone-schneider-med.de\/fas\/wp-content\/uploads\/2023\/04\/Urlaub-280x160.jpg\" class=\"attachment-avicenna-thumb-magazine size-avicenna-thumb-magazine wp-post-image\" alt=\"\" loading=\"lazy\" srcset=\"https:\/\/simone-schneider-med.de\/fas\/wp-content\/uploads\/2023\/04\/Urlaub-280x160.jpg 280w, https:\/\/simone-schneider-med.de\/fas\/wp-content\/uploads\/2023\/04\/Urlaub-560x320.jpg 560w\" sizes=\"(max-width: 280px) 100vw, 280px\" \/><div class=\"mask\"><\/div><a href=\"https:\/\/simone-schneider-med.de\/fas\/praxisurlaub-2025-2-2\/\" aria-hidden=\"true\" class=\"icons\"><span><\/span><span><\/span><span><\/span><\/a><\/div>\t\t<div class=\"post_header entry-header\">\n\t\t\t<h6 class=\"post_title entry-title\"><a href=\"https:\/\/simone-schneider-med.de\/fas\/praxisurlaub-2025-2-2\/\" rel=\"bookmark\">Praxisurlaub 02.06.25 bis 20.06.25<\/a><\/h6><div class=\"post_meta\"><span class=\"post_date\"><a href=\"https:\/\/simone-schneider-med.de\/fas\/praxisurlaub-2025-2-2\/\">8. Mai 2025<\/a><\/span><span class=\"post_author\">by <span>Simone Schneider<\/span><\/span><\/div>\t\t<\/div><!-- .entry-header -->\n\t\t<\/article><article \n\tclass=\"post_item post_layout_news-magazine post_format_standard post_accented_off post-1886 post type-post status-publish format-standard has-post-thumbnail hentry category-uncategorized\"\t\t>\n\n\t<div class=\"post_featured with_thumb hover_dots\"><img width=\"280\" height=\"160\" src=\"https:\/\/simone-schneider-med.de\/fas\/wp-content\/uploads\/2023\/12\/Simone_Schneider_Weihnachten2023-280x160.webp\" class=\"attachment-avicenna-thumb-magazine size-avicenna-thumb-magazine wp-post-image\" alt=\"\" loading=\"lazy\" srcset=\"https:\/\/simone-schneider-med.de\/fas\/wp-content\/uploads\/2023\/12\/Simone_Schneider_Weihnachten2023-280x160.webp 280w, https:\/\/simone-schneider-med.de\/fas\/wp-content\/uploads\/2023\/12\/Simone_Schneider_Weihnachten2023-560x320.webp 560w\" sizes=\"(max-width: 280px) 100vw, 280px\" \/><div class=\"mask\"><\/div><a href=\"https:\/\/simone-schneider-med.de\/fas\/praxisurlaub-winter-2023-2\/\" aria-hidden=\"true\" class=\"icons\"><span><\/span><span><\/span><span><\/span><\/a><\/div>\t\t<div class=\"post_header entry-header\">\n\t\t\t<h6 class=\"post_title entry-title\"><a href=\"https:\/\/simone-schneider-med.de\/fas\/praxisurlaub-winter-2023-2\/\" rel=\"bookmark\">Praxisurlaub 21.12.2023 bis 05.01.2024<\/a><\/h6><div class=\"post_meta\"><span class=\"post_date\"><a href=\"https:\/\/simone-schneider-med.de\/fas\/praxisurlaub-winter-2023-2\/\">4. Dezember 2023<\/a><\/span><span class=\"post_author\">by <span>Simone Schneider<\/span><\/span><\/div>\t\t<\/div><!-- .entry-header -->\n\t\t<\/article><\/div><\/div><!-- \/.columns_wrap --><\/div><!-- \/.sc_recent_news -->[vc_empty_space height=&#8220;50px&#8220; hide_on_desktop=&#8220;&#8220; hide_on_notebook=&#8220;&#8220; hide_on_tablet=&#8220;&#8220; hide_on_mobile=&#8220;&#8220; css=&#8220;.vc_custom_1679246713314{margin-top: 3.35rem !important;}&#8220;][\/vc_column][\/vc_row][vc_row full_width=&#8220;stretch_row&#8220;][vc_column][vc_empty_space height=&#8220;30px&#8220; alter_height=&#8220;none&#8220; hide_on_desktop=&#8220;&#8220; hide_on_notebook=&#8220;&#8220; hide_on_tablet=&#8220;&#8220; hide_on_mobile=&#8220;&#8220;]<div id=\"sc_title_511237332\"\r\n\t\tclass=\"sc_title color_style_default sc_title_default  vc_custom_1673186780497\"><h6 class=\"sc_item_subtitle sc_title_subtitle sc_align_center sc_item_title_style_default\">Wir m\u00f6chten uns vorstellen<\/h6><h3 class=\"sc_item_title sc_title_title sc_align_center sc_item_title_style_default\">Praxisteam<\/h3><\/div><!-- \/.sc_title -->[vc_row_inner][vc_column_inner][vc_empty_space height=&#8220;10px&#8220; alter_height=&#8220;none&#8220; hide_on_desktop=&#8220;&#8220; hide_on_notebook=&#8220;&#8220; hide_on_tablet=&#8220;&#8220; hide_on_mobile=&#8220;&#8220;][vc_column_text css=&#8220;.vc_custom_1673186745038{padding-top: 10px !important;padding-bottom: 20px !important;}&#8220;]<\/p>\n<p style=\"text-align: center;\">Das gesamte Team steht Ihnen gerne f\u00fcr Ihre Fragen oder Anliegen zur Verf\u00fcgung. Sprechen Sie uns dazu einfach telefonisch oder vor Ort in der Praxis an.<\/p>\n<p>[\/vc_column_text][vc_single_image image=&#8220;1836&#8243; img_size=&#8220;full&#8220; alignment=&#8220;center&#8220;][vc_column_text css=&#8220;.vc_custom_1679218975836{padding-top: 10px !important;padding-bottom: 20px !important;}&#8220;]<\/p>\n<p style=\"text-align: center;\">Lisa Mauser, Conny Hoffmann, Simone Schneider, Elke G\u00fcnther, Lea Berthold (v.l.n.r.)<\/p>\n<p>[\/vc_column_text][vc_empty_space height=&#8220;20px&#8220; alter_height=&#8220;none&#8220; hide_on_desktop=&#8220;&#8220; hide_on_notebook=&#8220;&#8220; hide_on_tablet=&#8220;&#8220; hide_on_mobile=&#8220;&#8220; css=&#8220;.vc_custom_1679247083500{margin-top: 3.35rem !important;}&#8220;][\/vc_column_inner][\/vc_row_inner][\/vc_column][\/vc_row][vc_row full_width=&#8220;stretch_row&#8220; css=&#8220;.vc_custom_1679247160798{background-color: #f7f3ea !important;}&#8220;][vc_column el_id=&#8220;services&#8220;][vc_empty_space height=&#8220;20px&#8220; alter_height=&#8220;none&#8220; hide_on_desktop=&#8220;&#8220; hide_on_notebook=&#8220;&#8220; hide_on_tablet=&#8220;&#8220; hide_on_mobile=&#8220;&#8220; css=&#8220;.vc_custom_1679247189948{margin-bottom: 1.6rem !important;}&#8220;]<div id=\"sc_title_1147141311\"\r\n\t\tclass=\"sc_title color_style_default sc_title_default\"><h6 class=\"sc_item_subtitle sc_title_subtitle sc_align_center sc_item_title_style_default\">Was wir f\u00fcr Sie tun k\u00f6nnen<\/h6><h3 class=\"sc_item_title sc_title_title sc_align_center sc_item_title_style_default\">Leistungsspektrum<\/h3><\/div><!-- \/.sc_title -->[vc_empty_space height=&#8220;25px&#8220; alter_height=&#8220;none&#8220; hide_on_desktop=&#8220;&#8220; hide_on_notebook=&#8220;&#8220; hide_on_tablet=&#8220;&#8220; hide_on_mobile=&#8220;1&#8243; css=&#8220;.vc_custom_1679258367666{margin-bottom: 1.6rem !important;}&#8220;][vc_row_inner][vc_column_inner width=&#8220;2\/3&#8243;][vc_empty_space height=&#8220;20px&#8220; alter_height=&#8220;none&#8220; hide_on_desktop=&#8220;1&#8243; hide_on_notebook=&#8220;1&#8243; hide_on_tablet=&#8220;1&#8243; hide_on_mobile=&#8220;&#8220; css=&#8220;.vc_custom_1682833674144{margin-bottom: 1.6rem !important;}&#8220;]<div id=\"sc_title_527523117\"\r\n\t\tclass=\"sc_title color_style_dark sc_title_default\"><h5 class=\"sc_item_title sc_title_title sc_align_left sc_item_title_style_default sc_item_title_tag\">Unser Hauptaufgabengebiet<\/h5><\/div><!-- \/.sc_title -->[vc_empty_space height=&#8220;10px&#8220; alter_height=&#8220;none&#8220; hide_on_desktop=&#8220;&#8220; hide_on_notebook=&#8220;&#8220; hide_on_tablet=&#8220;&#8220; hide_on_mobile=&#8220;&#8220; css=&#8220;.vc_custom_1673202625851{margin-bottom: 1.6rem !important;}&#8220;]<div id=\"sc_services_1334371403\" class=\"sc_services color_style_default sc_services_hover sc_services_featured_top  vc_custom_1682834019807\"><div class=\"sc_services_content sc_item_content sc_item_columns_1\"><div class=\"sc_services_item with_content with_image sc_services_item_featured_none\">\n\t<div class=\"sc_services_item_header \" style=\"background-image: url(https:\/\/simone-schneider-med.de\/fas\/wp-content\/uploads\/2022\/02\/Stetoskop-370x247.jpg);\">\n\t\t<div class=\"sc_services_item_header_inner\">\n\t\t\t\t\t\t<h5 class=\"sc_services_item_title\"><a href=\"https:\/\/simone-schneider-med.de\/fas\/services\/hausaerztliche-versorgung\/\">Haus\u00e4rztliche Versorgung<\/a><\/h5>\n\t\t<\/div>\n\t\t<a class=\"sc_services_item_link\" href=\"https:\/\/simone-schneider-med.de\/fas\/services\/hausaerztliche-versorgung\/\"><\/a>\n\t<\/div>\n\t\t\t<div class=\"sc_services_item_content\" style=\"background-image: url(https:\/\/simone-schneider-med.de\/fas\/wp-content\/uploads\/2022\/02\/Stetoskop-370x247.jpg);\">\n\t\t\t<div class=\"sc_services_item_content_inner\">\n\t\t\t\t<h5 class=\"sc_services_item_title\"><a href=\"https:\/\/simone-schneider-med.de\/fas\/services\/hausaerztliche-versorgung\/\">Haus\u00e4rztliche Versorgung<\/a><\/h5>\n\t\t\t\t<div class=\"sc_services_item_text\"><p>Die haus\u00e4rztliche Versorgung umfasst die allgemeine und fortgesetzte \u00e4rztliche Betreuung eines Patienten in Diagnostik und Therapie unter besonderer Kenntnis seines haus\u00e4rztlichen und sozialen Umfeldes im Rahmen eines ganzheitlichen Therapiekonzeptes.<\/p>\n<p>Dabei sind wir stets bem\u00fcht, die Koordination diagnostischer, therapeutischer, pr\u00e4ventiver, rehabilitativer und evtl. pflegerischer Ma\u00dfnahmen, die Dokumentation und das Zusammenf\u00fchren der wesentlichen Behandlungsdaten immer unter dem Hauptaugenmerk der Individualit\u00e4t des Patienten innerhalb seines sozialen Umfeldes zu erm\u00f6glichen.<\/p>\n<\/div>\n\t\t\t<\/div>\n\t\t<\/div>\n\t<\/div>\n<\/div><\/div><!-- \/.sc_services -->[\/vc_column_inner][vc_column_inner width=&#8220;1\/3&#8243;][vc_empty_space height=&#8220;20px&#8220; alter_height=&#8220;none&#8220; hide_on_desktop=&#8220;1&#8243; hide_on_notebook=&#8220;1&#8243; hide_on_tablet=&#8220;1&#8243; hide_on_mobile=&#8220;&#8220; css=&#8220;.vc_custom_1682833674144{margin-bottom: 1.6rem !important;}&#8220;][vc_wp_custommenu title=&#8220;Weitere Leistungen&#8220; nav_menu=&#8220;47&#8243;][\/vc_column_inner][\/vc_row_inner][vc_empty_space height=&#8220;70px&#8220; alter_height=&#8220;none&#8220; hide_on_desktop=&#8220;&#8220; hide_on_notebook=&#8220;&#8220; hide_on_tablet=&#8220;&#8220; hide_on_mobile=&#8220;1&#8243; css=&#8220;.vc_custom_1679258400084{margin-bottom: 1.6rem !important;}&#8220; el_id=&#8220;Lehrpraxis&#8220;][vc_empty_space height=&#8220;10px&#8220; alter_height=&#8220;none&#8220; hide_on_desktop=&#8220;1&#8243; hide_on_notebook=&#8220;&#8220; hide_on_tablet=&#8220;&#8220; hide_on_mobile=&#8220;&#8220; css=&#8220;.vc_custom_1679261183728{margin-bottom: 1.6rem !important;}&#8220; el_id=&#8220;lehrpraxis&#8220;][\/vc_column][\/vc_row][vc_row full_width=&#8220;stretch_row&#8220; css=&#8220;.vc_custom_1673204843090{background-color: #f8f7f6 !important;}&#8220;][vc_column][vc_empty_space height=&#8220;50px&#8220; alter_height=&#8220;none&#8220; hide_on_desktop=&#8220;&#8220; hide_on_notebook=&#8220;&#8220; hide_on_tablet=&#8220;&#8220; hide_on_mobile=&#8220;1&#8243; css=&#8220;.vc_custom_1682834113209{margin-bottom: 1.6rem !important;}&#8220;][vc_empty_space height=&#8220;20px&#8220; alter_height=&#8220;none&#8220; hide_on_desktop=&#8220;1&#8243; hide_on_notebook=&#8220;1&#8243; hide_on_tablet=&#8220;1&#8243; hide_on_mobile=&#8220;&#8220; css=&#8220;.vc_custom_1682834125260{margin-bottom: 1.6rem !important;}&#8220;]<div id=\"sc_title_739237631\"\r\n\t\tclass=\"sc_title color_style_dark sc_title_default\"><h6 class=\"sc_item_subtitle sc_title_subtitle sc_align_center sc_item_title_style_default\">Ihr Weg zum Facharzt\/Fach\u00e4rztin<\/h6><h5 class=\"sc_item_title sc_title_title sc_align_center sc_item_title_style_default sc_item_title_tag\">Lehrpraxis der FAU Allgemeinmedizin<\/h5><\/div><!-- \/.sc_title -->[vc_empty_space height=&#8220;10px&#8220; alter_height=&#8220;none&#8220; hide_on_desktop=&#8220;&#8220; hide_on_notebook=&#8220;&#8220; hide_on_tablet=&#8220;&#8220; hide_on_mobile=&#8220;&#8220; css=&#8220;.vc_custom_1673202625851{margin-bottom: 1.6rem !important;}&#8220;][vc_column_text]Als Lehrpraxis der Friedrich-Alexander Universit\u00e4t Erlangen-N\u00fcrnberg unterst\u00fctzen wir Medizinstudenten und Studentinnen in Ihrer praktischen Ausbildung zur eigenverantwortlichen und selbst\u00e4ndigen \u00e4rztlichen Berufsaus\u00fcbung. Wir m\u00f6chten grundlegende Kenntnisse, F\u00e4higkeiten und Fertigkeiten im Praxisalltag vermitteln, die f\u00fcr eine moderne allgemeinmedizinische Gesundheitsversorgung im ambulanten Sektor erforderlich sind.<\/p>\n<p>Wir legen gr\u00f6\u00dften Wert auf kollegialen Austausch und m\u00f6chten Weiterbildungsassistenten auf ihrem Weg zur Facharztanerkennung begleiten. Eine Weiterbildungsbefugnis Allgemeinmedizin liegt vor.<\/p>\n<p>Unsere Praxis ist dem Weiterbildungsverbund Kulmbach angeschlossen, um interessierte Kolleginnen und Kollegen im Bereich der ambulanten haus\u00e4rztlichen Versorgung zu f\u00f6rdern.<\/p>\n<p><strong>Bitte kontaktieren Sie uns, wenn wir Sie auf Ihrem beruflichen Weg unterst\u00fctzen d\u00fcrfen!<\/strong>[\/vc_column_text][vc_empty_space height=&#8220;100px&#8220; alter_height=&#8220;none&#8220; hide_on_desktop=&#8220;&#8220; hide_on_notebook=&#8220;&#8220; hide_on_tablet=&#8220;&#8220; hide_on_mobile=&#8220;1&#8243;][vc_empty_space height=&#8220;40px&#8220; alter_height=&#8220;none&#8220; hide_on_desktop=&#8220;1&#8243; hide_on_notebook=&#8220;1&#8243; hide_on_tablet=&#8220;1&#8243; hide_on_mobile=&#8220;&#8220;][\/vc_column][\/vc_row][vc_row full_width=&#8220;stretch_row&#8220; scheme=&#8220;default&#8220; extra_bg_mask=&#8220;7&#8243; hide_bg_image_on_tablet=&#8220;&#8220; hide_bg_image_on_mobile=&#8220;&#8220; css=&#8220;.vc_custom_1679238947193{background-size: cover !important;}&#8220;][vc_column][vc_row_inner][vc_column_inner][vc_column_text]\n\t\t\t<!-- START Home Galerie REVOLUTION SLIDER 6.6.7 --><p class=\"rs-p-wp-fix\"><\/p>\n\t\t\t<rs-module-wrap id=\"rev_slider_6_1_wrapper\" data-source=\"gallery\" style=\"visibility:hidden;background:transparent;padding:0;margin:0px auto;margin-top:0;margin-bottom:0;\">\n\t\t\t\t<rs-module id=\"rev_slider_6_1\" style=\"\" data-version=\"6.6.7\">\n\t\t\t\t\t<rs-slides style=\"overflow: hidden; position: absolute;\">\n\t\t\t\t\t\t<rs-slide style=\"position: absolute;\" data-key=\"rs-16\" data-title=\"Slide\" data-anim=\"adpr:false;ms:600;\" data-in=\"o:0;\" data-out=\"a:false;\" data-mediafilter=\"mayfair\">\n\t\t\t\t\t\t\t<img src=\"\/\/simone-schneider-med.de\/fas\/wp-content\/plugins\/revslider\/public\/assets\/assets\/dummy.png\" alt=\"\" title=\"Team03_home\" width=\"1920\" height=\"1255\" class=\"rev-slidebg tp-rs-img rs-lazyload\" data-lazyload=\"\/\/simone-schneider-med.de\/fas\/wp-content\/uploads\/2023\/03\/Team03_home.jpg\" data-bg=\"p:center top;\" data-parallax=\"off\" data-no-retina>\n<!--\n\t\t\t\t\t\t\t--><rs-layer\n\t\t\t\t\t\t\t\tid=\"slider-6-slide-16-layer-1\" \n\t\t\t\t\t\t\t\tclass=\"home-title\"\n\t\t\t\t\t\t\t\tdata-type=\"text\"\n\t\t\t\t\t\t\t\tdata-color=\"#ffffff\"\n\t\t\t\t\t\t\t\tdata-rsp_ch=\"on\"\n\t\t\t\t\t\t\t\tdata-xy=\"x:c;y:c;yo:-122px;\"\n\t\t\t\t\t\t\t\tdata-text=\"s:80;l:100;fw:100;a:inherit;\"\n\t\t\t\t\t\t\t\tdata-wrpcls=\"home-title-wrap\"\n\t\t\t\t\t\t\t\tdata-frame_999=\"o:0;st:w;sR:8700;\"\n\t\t\t\t\t\t\t\tstyle=\"z-index:6;font-family:'Roboto Slab';\"\n\t\t\t\t\t\t\t><strong>Galerie<\/strong> \n\t\t\t\t\t\t\t<\/rs-layer><!--\n\n\t\t\t\t\t\t\t--><rs-layer\n\t\t\t\t\t\t\t\tid=\"slider-6-slide-16-layer-2\" \n\t\t\t\t\t\t\t\tclass=\"home-subtitle\"\n\t\t\t\t\t\t\t\tdata-type=\"text\"\n\t\t\t\t\t\t\t\tdata-color=\"#ffffff\"\n\t\t\t\t\t\t\t\tdata-rsp_ch=\"on\"\n\t\t\t\t\t\t\t\tdata-xy=\"x:c;y:c;yo:14px;\"\n\t\t\t\t\t\t\t\tdata-text=\"w:normal;s:25;l:40;a:center;\"\n\t\t\t\t\t\t\t\tdata-dim=\"w:817px;\"\n\t\t\t\t\t\t\t\tdata-wrpcls=\"home-subtitle-wrap\"\n\t\t\t\t\t\t\t\tdata-frame_999=\"o:0;st:w;sR:8700;\"\n\t\t\t\t\t\t\t\tstyle=\"z-index:7;font-family:'Roboto Slab';\"\n\t\t\t\t\t\t\t>Damit Sie sich einen ersten Eindruck von uns und unserer Praxis machen k\u00f6nnen, haben wir f\u00fcr Sie eine Fotogalerie erstellt.  \n\t\t\t\t\t\t\t<\/rs-layer><!--\n\n\t\t\t\t\t\t\t--><a\n\t\t\t\t\t\t\t\tid=\"slider-6-slide-16-layer-3\" \n\t\t\t\t\t\t\t\tclass=\"rs-layer home-btn rev-btn\"\n\t\t\t\t\t\t\t\thref=\"https:\/\/simone-schneider-med.de\/galerie\" target=\"_self\"\n\t\t\t\t\t\t\t\tdata-type=\"button\"\n\t\t\t\t\t\t\t\tdata-color=\"rgba(255,255,255,1)\"\n\t\t\t\t\t\t\t\tdata-xy=\"x:c;y:c;yo:145px;\"\n\t\t\t\t\t\t\t\tdata-text=\"s:16;l:20;a:inherit;\"\n\t\t\t\t\t\t\t\tdata-wrpcls=\"home-btn-wrap\"\n\t\t\t\t\t\t\t\tdata-rsp_bd=\"off\"\n\t\t\t\t\t\t\t\tdata-padding=\"t:16;r:58;b:18;l:58;\"\n\t\t\t\t\t\t\t\tdata-border=\"bor:40px,3px,40px,3px;\"\n\t\t\t\t\t\t\t\tdata-frame_999=\"o:0;st:w;sR:8700;\"\n\t\t\t\t\t\t\t\tdata-frame_hover=\"bgc:#273000;boc:#000;bor:40px,3px,40px,3px;bos:solid;oX:50;oY:50;e:power0.inOut;\"\n\t\t\t\t\t\t\t\tstyle=\"z-index:8;background-color:#6b8900;font-family:'Roboto Slab';cursor:pointer;outline:none;box-shadow:none;box-sizing:border-box;-moz-box-sizing:border-box;-webkit-box-sizing:border-box;\"\n\t\t\t\t\t\t\t>Galerie ansehen \n\t\t\t\t\t\t\t<\/a><!--\n-->\t\t\t\t\t\t<\/rs-slide>\n\t\t\t\t\t<\/rs-slides>\n\t\t\t\t\t<rs-static-layers class=\"rs-stl-visible\"><!--\n\t\t\t\t\t--><\/rs-static-layers>\n\t\t\t\t<\/rs-module>\n\t\t\t\t<script>\n\t\t\t\t\tsetREVStartSize({c: 'rev_slider_6_1',rl:[1240,1024,778,480],el:[763],gw:[1240],gh:[763],type:'standard',justify:'',layout:'fullwidth',mh:\"0\"});if (window.RS_MODULES!==undefined && window.RS_MODULES.modules!==undefined && window.RS_MODULES.modules[\"revslider61\"]!==undefined) {window.RS_MODULES.modules[\"revslider61\"].once = false;window.revapi6 = undefined;if (window.RS_MODULES.checkMinimal!==undefined) window.RS_MODULES.checkMinimal()}\n\t\t\t\t<\/script>\n\t\t\t<\/rs-module-wrap>\n\t\t\t<!-- END REVOLUTION SLIDER -->\n[\/vc_column_text][\/vc_column_inner][\/vc_row_inner][\/vc_column][\/vc_row][vc_row][vc_column][\/vc_column][\/vc_row][vc_row full_width=&#8220;stretch_row&#8220; content_placement=&#8220;middle&#8220; el_id=&#8220;kontakt&#8220;][vc_column][vc_empty_space alter_height=&#8220;medium&#8220; hide_on_desktop=&#8220;&#8220; hide_on_notebook=&#8220;&#8220; hide_on_tablet=&#8220;&#8220; hide_on_mobile=&#8220;&#8220; css=&#8220;.vc_custom_1511021923204{margin-top: 0.4rem !important;}&#8220;]<div id=\"sc_title_2026674958\"\r\n\t\tclass=\"sc_title color_style_default sc_title_default  vc_custom_1679245386073\"><h6 class=\"sc_item_subtitle sc_title_subtitle sc_align_center sc_item_title_style_default\">So erreichen Sie uns<\/h6><h5 class=\"sc_item_title sc_title_title sc_align_center sc_item_title_style_default sc_item_title_tag\">Anfahrt & Kontaktm\u00f6glichkeiten<\/h5><\/div><!-- \/.sc_title -->[vc_column_text]Unsere Praxis liegt ganz in der N\u00e4he des Stadtparks in der <strong>Luitpoldstr. 2a, 95326 Kulmbach.<\/strong>\u00a0Direkt vor der Praxis befindet sich eine Haltestelle f\u00fcr den \u00d6VPN (Stadtbus). Kommen Sie mit dem eigenen Fahrzeug, stehen Ihnen praxiseigene Parkm\u00f6glichkeiten vor unserem Eingangsbereich, sowie kostenlose, \u00f6ffentliche Parkpl\u00e4tze neben unserem Praxisgeb\u00e4ude zur Verf\u00fcgung.<\/p>\n<p>F\u00fcr Terminvereinbarungen, (R\u00fcck-)Fragen oder wenn Sie ein anderes Anliegen an uns haben, stehen wir Ihnen <strong>telefonisch unter 09221 \/ 827 81 69<\/strong>, per <strong>Fax unter 09221 \/ 605 99 33<\/strong> oder auch per E-Mail unter <strong>info@simone-schneider-med.de<\/strong> gerne zur Verf\u00fcgung.[\/vc_column_text][vc_empty_space alter_height=&#8220;medium&#8220; hide_on_desktop=&#8220;&#8220; hide_on_notebook=&#8220;&#8220; hide_on_tablet=&#8220;&#8220; hide_on_mobile=&#8220;&#8220; css=&#8220;.vc_custom_1511021923204{margin-top: 0.4rem !important;}&#8220;][vc_column_text]<div id=\"wp_osm_1\" class=\"wp_osm\" style=\"width: 100%; height: 500px\" data-lon=\"6463980\" data-lat=\"1274000\" data-zoom=\"17\">\r\n\t<div class=\"ol-popup\">\r\n\t    <a href=\"#\" class=\"ol-popup-closer\"><\/a>\r\n\t    <div class=\"popup-content\"><\/div>\r\n\t<\/div>\r\n\t<div class=\"marker\" data-icon=\"https:\/\/simone-schneider-med.de\/fas\/wp-content\/plugins\/wp-open-street-map\/images\/markers\/marker.png\" data-lon=\"1274010\" data-lat=\"6464000\" data-name=\"Fach\u00e4rztin f\u00fcr Allgemeinmedizin Simone Schneider\" data-description=\"Simone Schneider<br \/>\r\nFach\u00e4rztin f\u00fcr Allgemeinmedizin<br \/>\r\n<br \/>\r\nLuitpoldstr. 2a<br \/>\r\n95326 Kulmbach\"><\/div><\/div>[\/vc_column_text][vc_empty_space height=&#8220;40px&#8220; alter_height=&#8220;none&#8220; hide_on_desktop=&#8220;&#8220; hide_on_notebook=&#8220;&#8220; hide_on_tablet=&#8220;&#8220; hide_on_mobile=&#8220;&#8220;]<div class=\"sc_item_button sc_button_wrap sc_align_center\"><a href=\"https:\/\/www.google.de\/maps\/place\/Facharztpraxis+Simone+Schneider\/@50.1022091,11.4423359,17z\/data=!3m1!5s0x47a19d9b16caad43:0x36a7c83fff87f122!4m15!1m8!3m7!1s0x47a19d9b16ca015f:0x30693d528e1f0eb4!2sLuitpoldstra%C3%9Fe+2a,+95326+Kulmbach!3b1!8m2!3d50.1022057!4d11.4445246!16s%2Fg%2F11dzsy3ntj!3m5!1s0x47a19d9b30332753:0xcd63e187712baf19!8m2!3d50.1021283!4d11.4445754!16s%2Fg%2F11bzyqd5rr\" id=\"sc_button_1671664291\" class=\"sc_button color_style_link2 sc_button_default sc_button_size_normal sc_button_with_icon sc_button_icon_left\" target=\"_blank\" rel=\"noopener\"><span class=\"sc_button_icon\"><span class=\"icon-google\"><\/span><\/span><span class=\"sc_button_text sc_align_center\"><span class=\"sc_button_title\">Adresse in Google Maps anzeigen<\/span><\/span><!-- \/.sc_button_text --><\/a><!-- \/.sc_button --><\/div><!-- \/.sc_item_button -->[vc_empty_space height=&#8220;40px&#8220; alter_height=&#8220;none&#8220; hide_on_desktop=&#8220;&#8220; hide_on_notebook=&#8220;&#8220; hide_on_tablet=&#8220;&#8220; hide_on_mobile=&#8220;&#8220;][\/vc_column][\/vc_row]<\/p>\n<\/section>","protected":false},"excerpt":{"rendered":"<p>[vc_row full_width=&#8220;stretch_row&#8220;][vc_column][rev_slider_vc alias=&#8220;home-3-11&#8243;][\/vc_column][\/vc_row][vc_row full_width=&#8220;stretch_row&#8220; hide_bg_image_on_tablet=&#8220;&#8220; hide_bg_image_on_mobile=&#8220;&#8220; css=&#8220;.vc_custom_1679246486114{background-color: #f7f3ea !important;}&#8220;][vc_column width=&#8220;1\/2&#8243;][vc_empty_space height=&#8220;100px&#8220; alter_height=&#8220;none&#8220; hide_on_desktop=&#8220;&#8220; hide_on_notebook=&#8220;&#8220; hide_on_tablet=&#8220;&#8220; hide_on_mobile=&#8220;1&#8243; css=&#8220;.vc_custom_1679258583944{margin-top: 8px !important;}&#8220;][vc_empty_space height=&#8220;20px&#8220; alter_height=&#8220;none&#8220; hide_on_desktop=&#8220;1&#8243; hide_on_notebook=&#8220;1&#8243; hide_on_tablet=&#8220;&#8220; hide_on_mobile=&#8220;&#8220; css=&#8220;.vc_custom_1682833535289{margin-top: 8px !important;}&#8220;][vc_empty_space height=&#8220;5px&#8220; alter_height=&#8220;small&#8220; hide_on_desktop=&#8220;&#8220; hide_on_notebook=&#8220;&#8220; hide_on_tablet=&#8220;&#8220; hide_on_mobile=&#8220;&#8220; css=&#8220;.vc_custom_1679258300716{margin-top: 8px !important;}&#8220;][vc_row_inner][vc_column_inner][vc_column_text]Herzlich Willkommen in unserer&hellip;<\/p>\n","protected":false},"author":990002,"featured_media":0,"parent":0,"menu_order":0,"comment_status":"closed","ping_status":"closed","template":"","meta":[],"_links":{"self":[{"href":"https:\/\/simone-schneider-med.de\/fas\/wp-json\/wp\/v2\/pages\/794"}],"collection":[{"href":"https:\/\/simone-schneider-med.de\/fas\/wp-json\/wp\/v2\/pages"}],"about":[{"href":"https:\/\/simone-schneider-med.de\/fas\/wp-json\/wp\/v2\/types\/page"}],"author":[{"embeddable":true,"href":"https:\/\/simone-schneider-med.de\/fas\/wp-json\/wp\/v2\/users\/990002"}],"replies":[{"embeddable":true,"href":"https:\/\/simone-schneider-med.de\/fas\/wp-json\/wp\/v2\/comments?post=794"}],"version-history":[{"count":2,"href":"https:\/\/simone-schneider-med.de\/fas\/wp-json\/wp\/v2\/pages\/794\/revisions"}],"predecessor-version":[{"id":1837,"href":"https:\/\/simone-schneider-med.de\/fas\/wp-json\/wp\/v2\/pages\/794\/revisions\/1837"}],"wp:attachment":[{"href":"https:\/\/simone-schneider-med.de\/fas\/wp-json\/wp\/v2\/media?parent=794"}],"curies":[{"name":"wp","href":"https:\/\/api.w.org\/{rel}","templated":true}]}}